{"id":512,"date":"2021-12-09T16:54:52","date_gmt":"2021-12-09T15:54:52","guid":{"rendered":"http:\/\/perso.unifr.ch\/pascal.wagner\/?page_id=512"},"modified":"2026-04-14T19:43:40","modified_gmt":"2026-04-14T17:43:40","slug":"conferences","status":"publish","type":"page","link":"https:\/\/perso.unifr.ch\/pascal.wagner\/conferences\/","title":{"rendered":"Conf\u00e9rences"},"content":{"rendered":"\n<p><\/p>\n\n\n\n<p>\u00ab\u00a0Je ne suis pas complotiste, mais\u2026 \u00bb Vernissage du livre, Librairie Librophoros, vendredi 27 mars 2026.<\/p>\n\n\n\n<p>Our Frame, <em>Dans la t\u00eate des complotistes, projection et questions-r\u00e9ponses avec le public et les Infiltr\u00e9s<\/em>, Korso, Fribourg, 13 mars 2026.<\/p>\n\n\n\n<p>Fondation suisse d\u2019\u00e9tudes, <em>Psychologie des croyances aux th\u00e9ories du complot<\/em>. Z\u00fcrich, 28 f\u00e9vrier 2026.<\/p>\n\n\n\n<p>Congr\u00e8s Grand Public PRISME (Plateforme de R\u00e9flexion et d&rsquo;Information sur le Sectarisme, la Manipulation et l&rsquo;Emprise), <em>Table ronde \u00ab\u00a0Comment s&rsquo;immuniser ?\u00a0\u00bb<\/em> Nancy, 13 d\u00e9cembre 2025.<\/p>\n\n\n\n<p>Journ\u00e9es d&rsquo;\u00e9tude \u00ab Manipuler les opinions. La propagande \u00e0 l\u2019\u00e8re des r\u00e9seaux sociaux \u00bb, <em>Psychologie des croyances aux th\u00e9ories du complot. <\/em>Lausanne, 11 d\u00e9cembre 2025.<\/p>\n\n\n\n<p>D\u00e9partement de l\u2019Is\u00e8re, <em>Psychologie des croyances aux th\u00e9ories du complot et aux fake news<\/em>. Bourgoin-Jallieu, 1 d\u00e9cembre 2025.<\/p>\n\n\n\n<p>Connaissance 3, <em>Sommes-nous arm\u00e9s face aux fake news ?<\/em> Aigle, 24 octobre 2025.<\/p>\n\n\n\n<p>Th\u00e9\u00e2tre des Osses, <em>Les normes sociales<\/em>. Hors d&rsquo;\u0153uvres, Givisiez, 1 septembre 2025.<\/p>\n\n\n\n<p>Wagner-Egger, P., Cattin, O., &amp; Delouv\u00e9e, S. (2025). <em>Is healthy skepticism really healthy? <\/em>18th Conference of the Swiss Psychological Society, Crans-Montana.<\/p>\n\n\n\n<p>Facult\u00e9 de Droit, <em>Les biais cognitifs&nbsp;: M\u00e9fiez-vous de votre cerveau. <\/em>Temple des Eplatures, La Chaux-de-Fonds, 1 septembre 2025.<\/p>\n\n\n\n<p>Share Ideas, <em>Les biais cognitifs&nbsp;: M\u00e9fiez-vous de votre cerveau. <\/em>La Case-\u00e0-Chocs, Neuch\u00e2tel, 7 mai 2025.<\/p>\n\n\n\n<p>Coll\u00e8ge de Gambach, <em>Les biais cognitifs&nbsp;: M\u00e9fiez-vous de votre cerveau. <\/em>Fribourg, 17 avril 2025.<\/p>\n\n\n\n<p>Rencontres de l&rsquo;Esprit Critique,<em> Selon une \u00e9tude scientifique, la majorit\u00e9 des \u00e9tudes scientifiques sont fausses. <\/em>Toulouse-Lab\u00e8ge, 12 avril 2025.<\/p>\n\n\n\n<p>Share Ideas, <em>M\u00e9fiez-vous de votre cerveau. <\/em>Casino de Montbenon, Lausanne, 9 avril 2025.<\/p>\n\n\n\n<p>Division Brain, Les 4 saisons du cerveau, <em>Psychologie des croyances aux th\u00e9ories du complot<\/em>, Avenches, 20 mars 2025.<\/p>\n\n\n\n<p>Division Brain, Les 4 saisons du cerveau, <em>La m\u00e9moire sociale et l&rsquo;Effet Mandela<\/em>, Avenches, 7 d\u00e9cembre 2024.<\/p>\n\n\n\n<p>PhD Students Days 2024, <em>Dialogue between science and the general public<\/em>, Fribourg, 8 novembre 2024.<\/p>\n\n\n\n<p>Universit\u00e9 de Grenoble (INSPE), <em>Psychologie des croyances aux<\/em> <em>th\u00e9ories du complot,<\/em> Grenoble, 17 octobre 2024.<\/p>\n\n\n\n<p>Association Rezalliance, <em>Comment passer d\u2019une gestion des ressources humaines \u00e0 une gestion humaine des ressources&nbsp;?<\/em> Table ronde, Gen\u00e8ve, 16 octobre 2024.<\/p>\n\n\n\n<p>Wagner-Egger, P., Cattin, O., &amp; Delouv\u00e9e, S. (2024). <em>Existe-t-il une forme rationnelle de conspirationnisme ? <\/em>&nbsp;Communication au XIII<sup>\u00e8me<\/sup> Congr\u00e8s International de Psychologie Sociale en Langue Fran\u00e7aise (ADRIPS), Louvain-la-Neuve.<\/p>\n\n\n\n<p>Assembl\u00e9e g\u00e9n\u00e9rale ordinaire de l\u2019Ordre des avocates et des avocats Neuch\u00e2telois, <em>Les biais cognitifs&nbsp;: m\u00e9fiez-vous de votre cerveau<\/em>, La T\u00e8ne, 6 juin 2024.<\/p>\n\n\n\n<p>Institut Jurassien des Sciences, des Lettres et des Arts, <em>Les biais cognitifs&nbsp;: m\u00e9fiez-vous de votre cerveau<\/em>, 25 mai 2024.<\/p>\n\n\n\n<p>Swiss Leaders, <em>Biais cognitifs : am\u00e9liorer sa prise de d\u00e9cision<\/em>, Lausanne, 22 mai 2024.<\/p>\n\n\n\n<p>Rencontres de l&rsquo;Esprit Critique, <em>Table ronde et d\u00e9bat<\/em>. Toulouse-Lab\u00e8ge, 28 avril 2024.<\/p>\n\n\n\n<p>Universit\u00e9 de Toulouse, <em>\u00c9tudes de psychologie sur les croyances aux th\u00e9ories du complot<\/em>, 5 avril 2024.<\/p>\n\n\n\n<p>Universit\u00e9 de Toulouse, <em>Psychologie des croyances aux th\u00e9ories du complot<\/em>, 4 avril 2024.<\/p>\n\n\n\n<p>Table ronde Salon du Livre, <em>Le cerveau et ses arcanes, \u00e9crivains et scientifiques se creusent la t\u00eate<\/em>, Gen\u00e8ve, 10 mars 2024.<\/p>\n\n\n\n<p>Biblioth\u00e8que Kateb Yacine, <em>M\u00e9fiez-vous de votre cerveau : biais cognitifs et croyances<\/em>, Grenoble, 9 mars 2024. <a href=\"https:\/\/cinevod.bm-grenoble.fr\/video\/HBNVI-mfiez-vous-de-votre-cerveau-biais-cognitifs-et-croyances\">https:\/\/cinevod.bm-grenoble.fr\/video\/HBNVI-mfiez-vous-de-votre-cerveau-biais-cognitifs-et-croyances<\/a><\/p>\n\n\n\n<p>Biblioth\u00e8que de Versoix, <em>Psychologie des croyances aux<\/em> <em>th\u00e9ories du complot,<\/em> Versoix, 3 f\u00e9vrier 2024.<\/p>\n\n\n\n<p>Connaissance 3, <em>Psychologie des croyances aux<\/em> <em>th\u00e9ories du complot,<\/em> Nyon, 12 janvier 2024.<\/p>\n\n\n\n<p>Connaissance 3, <em>Psychologie des croyances aux<\/em> <em>th\u00e9ories du complot,<\/em> Le S\u00e9pey, 4 janvier 2024.<\/p>\n\n\n\n<p>Foire du Valais, <em>Biais cognitifs et croyances chez les jeunes (et moins jeunes)<\/em>, Martigny, 5 octobre 2023.<\/p>\n\n\n\n<p>Explora, <em>Les Biais cognitifs<\/em>, Universit\u00e9 de Fribourg, 23 septembre 2023 (avec Gilles Bellevaut).<\/p>\n\n\n\n<p>Festival Le Livre sur les Quais, <em>M\u00e9fiez-vous de votre cerveau<\/em>, Morges, 3 septembre 2023.<\/p>\n\n\n\n<p>F\u00e9d\u00e9ration Bancaire Fran\u00e7aise, <em>Les biais cognitifs<\/em>, Paris, 10 juillet 2023. <\/p>\n\n\n\n<p>Journ\u00e9e au vert cadre soins RFSM, <em>Les biais cognitifs<\/em>, Fribourg, 23 juin 2023.<\/p>\n\n\n\n<p>6A7 du Jeudi, <em>Les biais cognitifs<\/em>, Ch\u00e2teau d\u2019Oex, 8 juin 2023.<\/p>\n\n\n\n<p>Unit\u00e9 de formation professionnelle du Ceras, <em>Les biais cognitifs<\/em>, Saignel\u00e9gier, 12 mai 2023.<\/p>\n\n\n\n<p>TEDx Fribourg, <em>Les biais cognitifs<\/em>, FRI-SON, 2 mai 2023. <a href=\"https:\/\/www.youtube.com\/watch?v=DJ8ArmLXZ9o\">https:\/\/www.youtube.com\/watch?v=DJ8ArmLXZ9o<\/a><\/p>\n\n\n\n<p>L&rsquo;Azimut, <em>Les biais cognitifs<\/em>, Estavayer-le-Lac, 27 avril 2023 (avec Gilles Bellevaut). <a href=\"https:\/\/www.youtube.com\/watch?v=G7RAF29lcio\">https:\/\/www.youtube.com\/watch?v=G7RAF29lcio<\/a><\/p>\n\n\n\n<p>Rencontres de l&rsquo;Esprit Critique, Table ronde <em>Neuromanie : la sauce cerveau fait recette!<\/em> Toulouse-Lab\u00e8ge, 23 avril 2023.<\/p>\n\n\n\n<p>Rencontres de l&rsquo;Esprit Critique, <em>Politique et Z\u00e9t\u00e9tique<\/em>, Toulouse-Lab\u00e8ge, 22 avril 2023. <a href=\"https:\/\/www.youtube.com\/watch?v=ib0znia2vzA&amp;t=0s\">https:\/\/www.youtube.com\/watch?v=ib0znia2vzA&amp;t=0s<\/a><\/p>\n\n\n\n<p>Librairie de la Renaissance, <em>Les biais cognitifs<\/em>, Toulouse, 20 avril 2023. <\/p>\n\n\n\n<p>Universit\u00e9 de Toulouse, <em>Psychologie des croyances aux th\u00e9ories du complot<\/em>, 18 avril 2023. <\/p>\n\n\n\n<p>Unisant\u00e9, <em>Les biais cognitifs et les croyances dans le domaine m\u00e9dical<\/em>, Lausanne, 4 avril 2023.<\/p>\n\n\n\n<p>Universit\u00e9 de Lausanne, <em>Le bruit de la conspiration :<\/em> <em>Psychologie des croyances aux th\u00e9ories du complot<\/em>, 31 mars 2023.<\/p>\n\n\n\n<p>Wagner-Egger, P. (2023). <em>Psychologie des croyances aux th\u00e9ories du complot&nbsp;: Recherches r\u00e9centes.<\/em> Communication au Laboratoire de Psychologie Sociale, Gen\u00e8ve, 30 mars 2023.<\/p>\n\n\n\n<p>Salon du Livre, <em>M\u00e9fiez-vous de votre cerveau, il vous m\u00e8ne en bateau !<\/em> Gen\u00e8ve, 25 mars 2023.<\/p>\n\n\n\n<p>Table ronde Salon du Livre, <em>Complotisme chez les jeunes : de la simple blague \u00e0 la radicalisation<\/em>, Gen\u00e8ve, 24 mars 2023.<\/p>\n\n\n\n<p>Table ronde Festival du Film et Forum International des Droits Humains, <em>Information et biais cognitifs : un dangereux cocktail, <\/em>Gen\u00e8ve, 12 mars 2023. <a href=\"https:\/\/www.youtube.com\/watch?v=gcMyg_YFJws\">https:\/\/www.youtube.com\/watch?v=gcMyg_YFJws<\/a><\/p>\n\n\n\n<p>Table ronde Festival du Film Vert, <em>Gare aux biais cognitifs<\/em>, Nyon, 9 mars 2023.<\/p>\n\n\n\n<p>Lion\u2019s Club, <em>Psychologie des croyances aux th\u00e9ories du complot<\/em>, Neuch\u00e2tel, 7 mars 2023.<\/p>\n\n\n\n<p>Ecole de Culture G\u00e9n\u00e9rale, <em>Psychologie sociale du racisme<\/em>, Fribourg, 7 mars 2023.<\/p>\n\n\n\n<p>Cercle d\u2019Affaires Franco-Suisse, <em>La Francophobie en Suisse Romande<\/em>, 28 f\u00e9vrier 2023.<\/p>\n\n\n\n<p>Th\u00e9\u00e2tre Nuithonie, <em>M\u00e9fiez-vous de votre cerveau<\/em>, Fribourg, 28 janvier 2023. <a href=\"https:\/\/www.equilibre-nuithonie.ch\/fr\/spectacles\/biais-aller-retour\">https:\/\/www.equilibre-nuithonie.ch\/fr\/spectacles\/biais-aller-retour<\/a><\/p>\n\n\n\n<p>Coll\u00e8ge Gambach, <em>Le racisme<\/em>, Fribourg, 24 janvier 2023.<\/p>\n\n\n\n<p>Coll\u00e8ge Gambach, <em>Science et croyances<\/em>, Fribourg, 19 janvier 2023.<\/p>\n\n\n\n<p>Lyc\u00e9e Blaise Cendrars, <em><em>P<em>sychologie des croyances aux th\u00e9ories du complot<\/em><\/em><\/em>, La Chaux-de-Fonds, 8 d\u00e9cembre 2022.<\/p>\n\n\n\n<p>Gymnase Intercantonal de la Broye, <em>P<em>sychologie des croyances aux th\u00e9ories du complot<\/em><\/em>, Payerne, 7 d\u00e9cembre 2022.<\/p>\n\n\n\n<p>Wagner-Egger, P. (2022). <em>Les th\u00e9ories du complot : une ruse de l\u2019irrationalit\u00e9 qui tente de se faire passer pour rationnelle. <\/em>Colloque \u00ab&nbsp;Ruser avec l\u2019information&nbsp;\u00bb, Besan\u00e7on, 2 d\u00e9cembre 2022. <a href=\"https:\/\/www.canal-u.tv\/chaines\/ufr-slhs\/aujourd-hui-et-demain-1\">https:\/\/www.canal-u.tv\/chaines\/ufr-slhs\/aujourd-hui-et-demain-1<\/a><\/p>\n\n\n\n<p>Association les Cadrilles, <em>Le bruit de la conspiration<\/em>, Lausanne, 24 novembre 2022.<\/p>\n\n\n\n<p>Corpo Jurisnantes, <em>Le bruit de la conspiration :<\/em> <em>Psychologie des croyances aux th\u00e9ories du complot<\/em>, Nantes, 22 novembre 2022.<\/p>\n\n\n\n<p>Futur en tous genres, <em>Croyances et biais cognitifs<\/em>, Fribourg, 10 novembre 2022.<\/p>\n\n\n\n<p>Loge \u00ab\u00a0La Vraie Union\u00a0\u00bb, <em>Le bruit de la conspiration :<\/em> <em>Psychologie des croyances aux th\u00e9ories du complot<\/em>, Nyon, 4 novembre 2022.<\/p>\n\n\n\n<p>Collectivit\u00e9 europ\u00e9enne d\u2019Alsace, <em>Sciences et croyances<\/em>, en ligne, 28 octobre 2022.<\/p>\n\n\n\n<p>Loge Epinassey&nbsp;: <em>Le bruit de la conspiration :<\/em> <em>Psychologie des croyances aux th\u00e9ories du complot<\/em>, Epinassey, 25 octobre 2022.<\/p>\n\n\n\n<p>Centre Culturel des Terreaux, <em>Croyances religieuses et complotistes sont-elles li\u00e9es ?<\/em>, Lausanne, 11 octobre 2022.<\/p>\n\n\n\n<p>Congr\u00e8s HR romand 2022, <em>L\u2019impact des th\u00e9ories du complot et des fake news sur nos relations au travail<\/em>, Lausanne, 12 septembre 2022.<\/p>\n\n\n\n<p>Wagner-Egger, P. (2022). <em>Yellow Vests and Red-Faced: Psychosocial determinants and consequences of the adherence to a social movement in a representative sample of the population<\/em>. 17th Conference of the Swiss Psychological Society, 5 September 2022.<\/p>\n\n\n\n<p>Wagner-Egger, P. (2022). <em>Les biais cognitifs. <\/em>Ca coule de Source, 22 jullet 2022. <a href=\"https:\/\/www.youtube.com\/watch?v=0TZaYMFTogQ&amp;t=3590s\">https:\/\/www.youtube.com\/watch?v=0TZaYMFTogQ&amp;t=3590s<\/a><\/p>\n\n\n\n<p>R\u00e9seau OFFRES &#8211; Universit\u00e9 d&rsquo;\u00e9t\u00e9, \u00ab&nbsp;<em>Croyances et (ir)rationalit\u00e9&nbsp;<\/em>\u00bb, Lille, 8 juillet 2022. <\/p>\n\n\n\n<p>Association NILE, \u00ab&nbsp; L\u2019\u00c9tat nation est-il impuissant face aux fake news ? \u00bb, en ligne, 15 juin 2022. <a href=\"https:\/\/www.youtube.com\/watch?v=37QGrhrVSiU&amp;t=1101s\">https:\/\/www.youtube.com\/watch?v=37QGrhrVSiU&amp;t=1101s<\/a><\/p>\n\n\n\n<p>BCU Fribourg, \u00ab <em>Les\nth\u00e9ories du complot pendant la pand\u00e9mie : un regard de la psychologie<\/em> \u00bb,\nFribourg, 9 juin 2022. <\/p>\n\n\n\n<p>Association EPSYL, <em>Le bruit de la conspiration : Psychologie (sociale) des croyances aux th\u00e9ories du complot<\/em>, Lausanne, 11 mai 2022.<\/p>\n\n\n\n<p>Table ronde Rencontres de l&rsquo;Esprit Critique \u00ab\u00a0QAnon, th\u00e9orie du complot ou religion ?\u00a0\u00bb, Toulouse, 22 avril 2022. <\/p>\n\n\n\n<p>Table ronde Rencontres de l&rsquo;Esprit Critique \u00ab\u00a0La chasse aux biais cognitifs : comp\u00e9tence n\u00e9cessaire ou fausse bonne id\u00e9e ?\u00a0\u00bb, Toulouse-Lab\u00e8ge, 22 avril 2022. <\/p>\n\n\n\n<p>Table ronde Rencontres de l&rsquo;Esprit Critique \u00ab\u00a0Que croire, qui croire ?\u00a0\u00bb, Toulouse-Lab\u00e8ge, 23 avril 2022. <\/p>\n\n\n\n<p>Table ronde Rencontres de l&rsquo;Esprit Critique \u00ab\u00a0De la variole au Covid, la raison peut-elle immuniser contre l\u2019antivaccinisme ?\u00a0\u00bb, Toulouse-Lab\u00e8ge, 23 avril 2022. <\/p>\n\n\n\n<p>Association HEConomist : <em>Psychologie des croyances aux th\u00e9ories du complot<\/em>, Lausanne, 12 avril 2022. <\/p>\n\n\n\n<p>Printemps de la Culture : <em>Psychologie des croyances aux th\u00e9ories du complot<\/em>, Villedieu, 7 avril 2022. <\/p>\n\n\n\n<p>Loge Libert\u00e9 no 21&nbsp;: <em>Psychologie des croyances aux th\u00e9ories du complot<\/em>, Lausanne, 4 avril 2022.<\/p>\n\n\n\n<p>Association des Professeurs d&rsquo;Histoire et de G\u00e9ographie, France : <em>Psychologie des croyances aux th\u00e9ories du complot<\/em>, en ligne, 1 avril 2022. <\/p>\n\n\n\n<p>Connaissance 3 : <em>Th\u00e9ories\ndu complot et fake news,<\/em> Echallens, 15 mars 2022. <\/p>\n\n\n\n<p>Conf\u00e9rence 360\u00ba : <em>Le\nbruit de la conspiration<\/em>, Estavayer, 17 f\u00e9vrier 2022. <\/p>\n\n\n\n<p>Caf\u00e9 scientifique : <em>R\u00e9seaux sociaux : chacun dans sa bulle ? <\/em>Caf\u00e9s Sciences et Citoyens de l&rsquo;Agglom\u00e9ration Grenobloise, 8 f\u00e9vrier 2022.<\/p>\n\n\n\n<p>Baston Lagaffe : <em>Entretien : les complotistes sont-ils idiots ?<\/em> Twitch.tv, 27 janvier 2022. <a href=\"https:\/\/www.twitch.tv\/videos\/1277976339\">https:\/\/www.twitch.tv\/videos\/1277976339<\/a><\/p>\n\n\n\n<p>Conviviabule, <em>Et si on croyait un peu moins ?<\/em> Neuch\u00e2tel, 15 d\u00e9cembre 2021.<\/p>\n\n\n\n<p>Wagner-Egger, P. (2021). <em>Les th\u00e9ories du complot, entre croyances et esprit critique<\/em>. Conf\u00e9rence Mots de soci\u00e9t\u00e9, IUT Nancy-Charlemagne, 9 d\u00e9cembre 2021. <a href=\"https:\/\/www.youtube.com\/watch?v=HJ_Y68wemKg&amp;t=24s\">https:\/\/www.youtube.com\/watch?v=HJ_Y68wemKg&amp;t=24s<\/a><\/p>\n\n\n\n<p>Promeneurs du Net, Journ\u00e9es de l&rsquo;Esprit Critique : <em>Le bruit de la conspiration<\/em>, Angoul\u00eame, 1 d\u00e9cembre 2021. <a href=\"https:\/\/www.youtube.com\/watch?v=sJjRko-YsuQ\">https:\/\/www.youtube.com\/watch?v=sJjRko-YsuQ<\/a><\/p>\n\n\n\n<p>Table-ronde avec Mr Sam et le Chat Sceptique : <a href=\"https:\/\/www.youtube.com\/watch?v=CmyKBz8xgh0\">https:\/\/www.youtube.com\/watch?v=CmyKBz8xgh0\ufeff<\/a><\/p>\n\n\n\n<p>R\u00e9seau Facts : <em>Ce que le complotisme dit de nous<\/em>, Nice, 24 novembre 2021. <a href=\"https:\/\/www.youtube.com\/watch?v=5wKYe4N2fLE&amp;t=2180s\">https:\/\/www.youtube.com\/watch?v=5wKYe4N2fLE&amp;t=2180s<\/a><\/p>\n\n\n\n<p>Lyc\u00e9e fran\u00e7ais de Lisbonne&nbsp;: <em>Le bruit de la conspiration: Psychologie des croyances aux th\u00e9ories du complot<\/em>, en ligne, 19 novembre 2021. <a href=\"https:\/\/www.youtube.com\/watch?v=Lo4lOsTREx0\">https:\/\/www.youtube.com\/watch?v=Lo4lOsTREx0<\/a><\/p>\n\n\n\n<p>Wagner-Egger, P. (2021). <em>Festival de th\u00e9ories du complot pendant la pand\u00e9mie de coronavirus en 2020-2021&nbsp;: Un regard de la psychologie<\/em>. Maison pour la Science en Alsace, Universit\u00e9 de Strasbourg, 17 novembre 2021. <a href=\"https:\/\/pod.unistra.fr\/video\/45847-seminaire-covid-conference-wagner\/\">https:\/\/pod.unistra.fr\/video\/45847-seminaire-covid-conference-wagner\/<\/a><\/p>\n\n\n\n<p>Connaissance 3 : <em>Th\u00e9ories du complot et fake news,<\/em> La Tour-de-Peilz, 2 novembre 2021. <\/p>\n\n\n\n<p>Rotary Club : <em>Le bruit de la conspiration,<\/em> La Chaux-de-Fonds, 26 octobre 2021. <\/p>\n\n\n\n<p>Wagner-Egger, P. (2021). <em>Feu d&rsquo;artifice de th\u00e9ories du complot durant la pand\u00e9mie de COVID-19<\/em>. Colloque \u00ab\u00a0Que retenir de la crise sanitaire ?\u00a0\u00bb, Institut des Hautes \u00c9tudes de Belgique, Universit\u00e9 Libre de Bruxelles, 22 octobre 2021. <a href=\"https:\/\/www.youtube.com\/watch?v=FbNyGiivWNQ\">https:\/\/www.youtube.com\/watch?v=FbNyGiivWNQ<\/a><\/p>\n\n\n\n<p>Table ronde de la CICAD : <em>Antivax et amalgames<\/em>, Fondation Louis-Jeantet, Gen\u00e8ve, 21 octobre 2021<\/p>\n\n\n\n<p>Wagner-Egger, P. (2021). <em>Festival de th\u00e9ories du complot pendant la pand\u00e9mie de coronavirus en 2020-2021&nbsp;: Un regard de la psychologie<\/em>. Colloque Epid\u00e9mies 2021, Maison des Sciences Humaines, Universit\u00e9 de Reims, 8 octobre 2021.<\/p>\n\n\n\n<p>Table ronde sur les \u00c9pid\u00e9mies, Colloque Epid\u00e9mies 2021, Maison des Sciences Humaines, H\u00f4tel de Ville de Reims, 7 octobre 2021.<\/p>\n\n\n\n<p>Wagner-Egger, P. (2021). <em>Le bruit de\nla conspiration : Psychologie des croyances aux th\u00e9ories du complot. <\/em>S\u00e9minaire en ligne de l&rsquo;ADRIPS, 4 octobre 2021.<\/p>\n\n\n\n<p>R\u00e9seau de Recherche sur le Racisme et l&rsquo;Antis\u00e9mitisme : <em>Le bruit de la conspiration,<\/em> Universit\u00e9 de Picardie, 23 septembre 2021. <\/p>\n\n\n\n<p>Rhizome Gen\u00e8ve : <em>Psychologie\ndes croyances aux th\u00e9ories du complot<\/em>, 30 ao\u00fbt 2021. <\/p>\n\n\n\n<p>Conseil Suisse de la\nScience : <em>Pandemic, trust, and misinformation<\/em>, 11 ao\u00fbt 2021.<\/p>\n\n\n\n<p>TimeWorld Paris : <em>Le complot abolira-t-il un jour le hasard ?<\/em> 2 juillet 2021. <a href=\"https:\/\/www.youtube.com\/watch?v=uTUJ-U8Suqk\">https:\/\/www.youtube.com\/watch?v=uTUJ-U8Suqk<\/a><\/p>\n\n\n\n<p>Cercle litt\u00e9raire de\nLausanne : <em>Psychologie des croyances aux\nth\u00e9ories du complot<\/em>, 31 mai 2021.<\/p>\n\n\n\n<p>Wagner-Egger, P. (2021). <em>Psychologie des croyances aux th\u00e9ories du complot<\/em>. Communication dans le Centre pour la Psychologie Sociale et Culturelle (CeSCuP), Universit\u00e9 Libre de Bruxelles, 25 mai, 2021. <\/p>\n\n\n\n<p>Caf\u00e9 scientifique : <em>Des fourmis, des bonobos et nous \u2013 L\u2019homme est-il un animal comme un autre ?<\/em> Universit\u00e9 de Fribourg, en ligne, 31 mars 2021. <a href=\"https:\/\/www.youtube.com\/watch?v=YB6Wy_-Rtes\">https:\/\/www.youtube.com\/watch?v=YB6Wy_-Rtes<\/a><\/p>\n\n\n\n<p>Groupe vaudois de philosophie : <em>Sciences et croyances<\/em>, en ligne, 13 f\u00e9vrier 2021.<\/p>\n\n\n\n<p>dhCenter UNIL-EPFL Digital Society : <em>Les complots entre biais cognitifs et rapports sociaux<\/em>, en ligne, 12 f\u00e9vrier 2021. <a href=\"https:\/\/www.youtube.com\/watch?v=iJIMZas_6RY&amp;t=1026s\">https:\/\/www.youtube.com\/watch?v=iJIMZas_6RY&amp;t=1026s<\/a><\/p>\n\n\n\n<p>La Tronche en Live : <em>L&rsquo;abandon des croyances<\/em>, en ligne, 20 janvier 2020. <a href=\"https:\/\/www.youtube.com\/watch?v=Lo-n15B85BY&amp;t=4085s\">https:\/\/www.youtube.com\/watch?v=Lo-n15B85BY&amp;t=4085s<\/a><\/p>\n\n\n\n<p>Ligue\nde l&rsquo;enseignement : <em>Psychologie des\ncroyances aux th\u00e9ories du complot<\/em>, en ligne, 1<sup>er<\/sup> d\u00e9cembre 2020.<\/p>\n\n\n\n<p>Scepticisme Scientifique : <em>Comprendre le racisme<\/em>, en ligne, 13 septembre 2020. <a href=\"https:\/\/www.youtube.com\/watch?v=iclD6oihGaM&amp;t=2276s\">https:\/\/www.youtube.com\/watch?v=iclD6oihGaM&amp;t=2276s<\/a><\/p>\n\n\n\n<p>Science\nValais, Carnotzet scientifique : <em>Sciences\net Th\u00e9ories du complot<\/em>, en ligne, 17 juin 2020.<\/p>\n\n\n\n<p>Extinction\nRebellion Fribourg&nbsp;: <em>Croyances,\nscience et esprit critique, Fribourg, <\/em>1<sup>er<\/sup> mars 2020.<\/p>\n\n\n\n<p>Wagner-Egger, P. (2019).<em> Desires and reality: Confirmation bias and belief in conspiracy theories. <\/em>Communication at the Cognitive Science Seminar, Neuch\u00e2tel, 28 November 2019.<\/p>\n\n\n\n<p>Dieguez, S., &amp; Wagner-Egger, P. (2019). <em>R\u00e9flexions sur la forme de la Terre<\/em>. Colloque L&rsquo;irrationalit\u00e9 Contemporaine, Paris, 21 novembre 2019. <\/p>\n\n\n\n<p>Conf\u00e9rence \u00e0 l&rsquo;IRSEM&nbsp;:<em> Retour vers le futur : L&rsquo;anticipation en psychologie<\/em>. Paris, 4 novembre 2019. <\/p>\n\n\n\n<p>Caf\u00e9 scientifique : <em>La face cach\u00e9e des croyances. <\/em>Universit\u00e9 de Neuch\u00e2tel, 23 octobre 2019.<\/p>\n\n\n\n<p>Entretien pour Milgram de Savoirs, CeSCuP, Universit\u00e9 Libre de Bruxelles : <em>Complots et th\u00e9ories du complot : r\u00e9flexion et apports de la psychologie sociale<\/em>, en ligne, 10 septembre 2019. <a href=\"https:\/\/cescup.ulb.be\/milgram-de-savoirs-podcast\/conspiracy\/\">https:\/\/cescup.ulb.be\/milgram-de-savoirs-podcast\/conspiracy\/<\/a><\/p>\n\n\n\n<p>Wagner-Egger, P. (2019).<em> Desires and reality: Confirmation bias and belief in conspiracy theories. <\/em>Communication at the 16th conference of the Swiss Psychological Society, Bern, 9 September 2019.<\/p>\n\n\n\n<p>Integras\n: <em>Pourquoi il est plus difficile de faire\nchanger quelqu&rsquo;un d&rsquo;avis que de l&rsquo;envoyer sur la lune : Psychologie des\nr\u00e9sistances au changement<\/em>. Morat,\n7 juin 2019.<\/p>\n\n\n\n<p>EPFL Life Science retreat : <em>Conspiracy\ntheories:&nbsp; skeptical or paranoid\nthinking?<\/em>, Villars, 7 f\u00e9vrier 2019.<\/p>\n\n\n\n<p>Caf\u00e9 scientifique : <em>Fake\nnews &#8211; A quelles sources se vouer ?<\/em> Le Nouveau Monde, Fribourg, 5 d\u00e9cembre 2018.<\/p>\n\n\n\n<p>Conf\u00e9rence\n\u00e0 La D\u00e9riv\u00e9e :<em> Th\u00e9ories conspirationnistes,\ncomplots et fake news<\/em>. Yverdon, 19 ao\u00fbt 2018.<\/p>\n\n\n\n<p>Caf\u00e9 scientifique : <em>Politiquement\ncorrect \u2013 respect ou langue de bois ?<\/em> Le Nouveau Monde, Fribourg, 16 mai 2018.<\/p>\n\n\n\n<p>Wagner-Egger, P. (2018). <em>Le Meilleur des Mondes : conspirationnisme\net cr\u00e9ationnisme partagent un biais t\u00e9l\u00e9ologique commun<\/em>. Communication au\nLaboratoire de Psychologie Sociale, Lausanne.<\/p>\n\n\n\n<p>Wagner-Egger, P., (2018). <em>Brave New World: creationism and conspiracism share a\ncommon teleological bias<\/em>. Cognition\nDay, Fribourg.<\/p>\n\n\n\n<p>Wagner-Egger, P., &amp; Klein, O. (2018). <em>Effet Mandela et th\u00e9ories du complot : \u00ab On nous cache tout, on nous dit rien, plus on apprend et plus on ne sait rien \u00bb ?<\/em> Communication au XII<sup>\u00e8me<\/sup> Congr\u00e8s International de Psychologie Sociale en Langue Fran\u00e7aise (ADRIPS), Louvain-la-Neuve.<\/p>\n\n\n\n<p>Cours de Formation Continue :<em> Plaisirs et d\u00e9plaisirs des mondes alternatifs : Aspects socio-cognitifs<\/em>, Universit\u00e9 de Lausanne, 23 novembre 2017.<\/p>\n\n\n\n<p>Delouv\u00e9e,\nS., &amp; Wagner-Egger, P. (2016). <em>Les savoirs profanes li\u00e9s aux th\u00e9ories du\ncomplot.<\/em> Communication \u00e0\nla XIII<sup>\u00e8me<\/sup> Conf\u00e9rence Internationale sur les Repr\u00e9sentations Sociales,\nMarseille.<\/p>\n\n\n\n<p>Delouv\u00e9e,\nS., &amp; Wagner-Egger, P. (2016). <em>Conspirationnisme et sens commun.<\/em> Communication au XI<sup>\u00e8me<\/sup> Congr\u00e8s\nInternational de Psychologie Sociale en Langue Fran\u00e7aise (ADRIPS), Gen\u00e8ve.<\/p>\n\n\n\n<p>Wagner-Egger, P., Dieguez, S., &amp;\nGauvrit, N. (2016). <em>Co\u00efncidence ou pas ?\nPerception du hasard et croyances aux th\u00e9ories du complot.<\/em> Communication au\nXI<sup>\u00e8me<\/sup> Congr\u00e8s International de Psychologie Sociale en Langue\nFran\u00e7aise (ADRIPS), Gen\u00e8ve.<\/p>\n\n\n\n<p>Wagner-Egger,\nP. (2016). <em>Coincidence? Randomness\nperception and beliefs in conspiracy theories<\/em>. Lunchtime seminar, Fribourg\nUniversity.<\/p>\n\n\n\n<p>Wagner-Egger, P., Dieguez, S., &amp; Gauvrit, N. (2016). <em>Co\u00efncidence ? Je ne crois pas ! Perception du hasard et croyance aux th\u00e9ories du complot.<\/em> Communication au s\u00e9minaire du CEVIPOF (Centre d&rsquo;Etudes de la Vie Politique Fran\u00e7aise). Institut d&rsquo;Etudes Politiques (IEP), Paris.<\/p>\n\n\n\n<p>Gymnase d&rsquo;Yverdon : <em>L&rsquo;exp\u00e9rience de Milgram : 50 ans apr\u00e8s\u2026<\/em> 21 mars 2016.<\/p>\n\n\n\n<p>Grzesiak-Feldman, M. &amp; Wagner-Egger,\nP. (2015). Predictors of conspiracy thinking: the date form\nPolish and Swiss samples [Wybrane predyktory my\u015blenia spiskowego: dane z\npr\u00f3by polsko-szwajcarskie].&nbsp; Paper\npresented at the meeting of PSPS, \u0141\u00f3d\u017a. Poland.<\/p>\n\n\n\n<p>Wagner-Egger,\nP., Leiser, D., &amp; Duani, N. (2014). <em>The\nconspiratorial style in folk economics.<\/em> Communication at the 28th\nInternational Congress of Applied Psychology (ICAP), Paris.<\/p>\n\n\n\n<p>Wagner-Egger,\nP., &amp; Caldara, R. (2013). <em>Crapauds \u00e0 lunettes ? St\u00e9r\u00e9otypes du port\nde lunettes et de l&rsquo;ethnie dans la perception des visages.<\/em> Communication affich\u00e9e aux Journ\u00e9es\nTh\u00e9matiques de l&rsquo;ADRIPS \u2013 Le jugement social, Universit\u00e9 de Champagne-Ardenne,\nReims.<\/p>\n\n\n\n<p>Wagner-Egger,\nP., &amp; Burguet, A. (2012). <em>Menaces et croyances aux th\u00e9ories du\ncomplot.<\/em> Communication aux\nJourn\u00e9es de R\u00e9flexion sur le concept de menace, Universit\u00e9 de Paris V, Paris.<\/p>\n\n\n\n<p>Wagner-Egger, P. (2012). <em>Lady Diana a-t-elle r\u00e9ellement pos\u00e9 le pied\nsur la lune ? Une \u00e9tude exp\u00e9rimentale des croyances aux th\u00e9ories du complot<\/em>.\nCommunication au Laboratoire de Psychologie Sociale, Lausanne.<\/p>\n\n\n\n<p>Wagner-Egger,\nP., Gygax, P. &amp; Ribordy, F. (2011). <em>La face sombre du sport : Influence\nde la couleur de peau dans les jugements d&rsquo;agressivit\u00e9 au football<\/em>. Communication au IX<sup>\u00e8me<\/sup> Colloque\nInternational de Psychologie Sociale Appliqu\u00e9e (ADRIPS), Strasbourg.<\/p>\n\n\n\n<p>Wagner-Egger, P. (2010). <em>Tout dire et son contraire : L&rsquo;influence\nsociale des titres de journaux<\/em>. Communication au VIII<sup>\u00e8me<\/sup> Congr\u00e8s\nInternational de Psychologie Sociale en Langue Fran\u00e7aise (ADRIPS), Nice.<\/p>\n\n\n\n<p>Ribordy, F., Wagner-Egger, P., &amp; Gygax, P. (2009). <em>Racism in football? Perception of aggressive behavior of black and white football players<\/em>. 11th Congress of the Swiss Psychological Society, August 19-20, University of Neuch\u00e2tel, Switzerland.<\/p>\n\n\n\n<p>D\u00e9bat public : <em>Conspiracy Film Festival<\/em>, Cin\u00e9ma Atlantic, Lausanne, 14 mars 2009.<\/p>\n\n\n\n<p>Wagner-Egger,\nP., Gygax, P. &amp; Ribordy, F. (2008). <em>Football\nand racism: The dark side of sport<\/em>. European Social Cognition Network\n(ESCON) Transfer of Knowledge Conference, September 3rd to 7th, Volterra,\nTuscany, Italy. <\/p>\n\n\n\n<p>Schneider, M., Gygax, P.M., Wagner-Egger,\nP., Parris, B.A., &amp; Kuhn, G. (2008). <em>Etre\nou ne pas \u00eatre au sommet : Influence du statut social et des st\u00e9r\u00e9otypes de\ngenre sur la repr\u00e9sentation des noms de r\u00f4le<\/em>. R\u00e9unions Interlaboratoires\n(RIL), Lausanne.&nbsp; <\/p>\n\n\n\n<p>Wagner-Egger, P., Weizenegger, R., &amp;\nBangerter, A. (2007). <em>L&rsquo;\u00e8re du soup\u00e7on : les th\u00e9ories du complot\nsont-elles des rumeurs \u00ab\u00a0parano\u00efdes\u00a0\u00bb ?<\/em> 2<sup>\u00e8me<\/sup>\nColloque International Psychologie Sociale et Communication, Dijon.<\/p>\n\n\n\n<p>Wagner-Egger, P. (2006). <em>La v\u00e9rit\u00e9 est ailleurs&nbsp;: D\u00e9terminants\nde l&rsquo;adh\u00e9sion aux Th\u00e9ories du Complot<\/em>. Communication au VI<sup>\u00e8me<\/sup>\nCongr\u00e8s International de Psychologie Sociale en Langue Fran\u00e7aise (ADRIPS),\nGrenoble.<\/p>\n\n\n\n<p>Wagner-Egger,\nP. (2005). <em>The dark side of the moon :\nPerseverance of \u00ab&nbsp;marginal&nbsp;\u00bb beliefs<\/em>. Postgraduate workshop CUSO\n\u00ab\u00a0Social Psychological Processes in the Diffusion of Ideas\u00a0\u00bb, Tramelan.<\/p>\n\n\n\n<p>Wagner-Egger, P. (2004). <em>La face cach\u00e9e de la lune&nbsp;:\nconfirmation de croyances \u00ab\u00a0marginales\u00a0\u00bb<\/em>. Communication au V<sup>\u00e8me<\/sup>\nCongr\u00e8s International de Psychologie Sociale en Langue Fran\u00e7aise (ADRIPS),\nLausanne.<\/p>\n\n\n\n<p>Wagner-Egger,\nP. (2004). <em>Ideo-logics in\nreasoning&nbsp;: The influence of social group and shared values<\/em>. Lunchtime seminar, Fribourg University.<\/p>\n\n\n\n<p>Wagner-Egger, P. (2004). <em>La t\u00e2che de s\u00e9lection de Wason&nbsp;:\nBient\u00f4t 40 ans et pas une ride<\/em>. Communication dans le cadre du laboratoire\nde Psychologie Sociale de l&rsquo;Universit\u00e9 de Paris V.<\/p>\n\n\n\n<p>Wagner-Egger, P. (2003). <em>30 ans d&rsquo;\u00e9tudes de la t\u00e2che de s\u00e9lection des\nquatre cartes&nbsp;: La drosophile des psychologues du raisonnement<\/em>.\nCommunication dans le cadre du laboratoire de Psychologie Sociale de\nl&rsquo;Universit\u00e9 de Paris X.<\/p>\n\n\n\n<p>Wagner-Egger P. (2002). <em>Niveaux d&rsquo;analyse dans l&rsquo;\u00e9tude du\nraisonnement.<\/em> Communication au colloque \u00ab\u00a0Dynamiques sociales dans les\nfonctionnements cognitifs\u00a0\u00bb, Gen\u00e8ve.<\/p>\n\n\n\n<p>Lemaine, G., Deschamps, J.-C., Dumont, P.,\nWagner, P. (2000). <em>Le racisme en Europe. <\/em>Communication\nau III<sup>\u00e8me<\/sup> Congr\u00e8s International de Psychologie Sociale en Langue\nFran\u00e7aise (ADRIPS), Valencia.<\/p>\n\n\n\n<p>Wagner-Egger P. (2000). <em>Id\u00e9o-logiques dans le raisonnement&nbsp;:\nles \u00e9tudiants en sciences \u00e9conomiques sont-ils de meilleurs directeurs\nd&rsquo;entreprise que les \u00e9tudiants en sciences sociales ?<\/em> Communication au III<sup>\u00e8me<\/sup>\nCongr\u00e8s International de Psychologie Sociale en Langue Fran\u00e7aise (ADRIPS),\nValencia.<\/p>\n\n\n\n<p>Wagner-Egger, P. (1999). <em>Marquage social dans la t\u00e2che de Wason<\/em>.\nCommunication dans le cadre du laboratoire de Psychologie Sociale de\nl&rsquo;Universit\u00e9 de Paris V.<\/p>\n\n\n\n<p>Wagner-Egger, P.\n(1999). <em>Finally the end of Wason&rsquo;s\nselection task ?<\/em> Poster pr\u00e9sent\u00e9\nau 6<sup>\u00e8me<\/sup> congr\u00e8s de la Soci\u00e9t\u00e9 Suisse de Psychologie, Fribourg.<\/p>\n\n\n\n<p>Wagner-Egger, P. (1999). <em>Co\u00fbts et b\u00e9n\u00e9fices dans la t\u00e2che des 4\ncartes de Wason<\/em>. Communication au IV<sup>\u00e8me<\/sup> Colloque Jeunes\nChercheurs en Psychologie Sociale (ADRIPS), Aix-en-Provence.<\/p>\n\n\n\n<p>Wagner P. (1998). <em>Erreurs de raisonnement dans la \u00ab\u00a0t\u00e2che des 4 cartes\u00a0\u00bb de\nWason&nbsp;? Pas si logique que \u00e7a&#8230;<\/em>. Communication au II<sup>\u00e8me<\/sup>\nCongr\u00e8s International de Psychologie Sociale en Langue Fran\u00e7aise (ADRIPS),\nTurin.<\/p>\n\n\n\n<p>Wagner P. (1998). <em>Co\u00fbts et b\u00e9n\u00e9fices\ndans la t\u00e2che de s\u00e9lection des 4 cartes de Wason<\/em>. IV\u00e8me Colloque Jeunes\nChercheurs en Psychologie Sociale, Nice.<\/p>\n\n\n\n<p>Wagner,\nP., Thommen, E., Dumas, A. (1997). <em>Developmental\nchanges of attribution of social causality to animated movies in children<\/em>.Poster presented at the VIIIth\nEuropean Conference on Developmental Psychology, Rennes.<br><\/p>\n","protected":false},"excerpt":{"rendered":"<p>\u00ab\u00a0Je ne suis pas complotiste, mais\u2026 \u00bb Vernissage du livre, Librairie Librophoros, vendredi 27 mars 2026. Our Frame, Dans la t\u00eate des complotistes, projection et questions-r\u00e9ponses avec le public et les Infiltr\u00e9s, Korso, Fribourg, 13 mars 2026. Fondation suisse d\u2019\u00e9tudes, Psychologie des croyances aux th\u00e9ories du complot. Z\u00fcrich, 28 f\u00e9vrier 2026. Congr\u00e8s Grand Public PRISME &hellip; <a href=\"https:\/\/perso.unifr.ch\/pascal.wagner\/conferences\/\" class=\"more-link\">Continuer la lecture de <span class=\"screen-reader-text\">Conf\u00e9rences<\/span><\/a><\/p>\n","protected":false},"author":2,"featured_media":0,"parent":0,"menu_order":0,"comment_status":"closed","ping_status":"closed","template":"","meta":[],"_links":{"self":[{"href":"https:\/\/perso.unifr.ch\/pascal.wagner\/wp-json\/wp\/v2\/pages\/512"}],"collection":[{"href":"https:\/\/perso.unifr.ch\/pascal.wagner\/wp-json\/wp\/v2\/pages"}],"about":[{"href":"https:\/\/perso.unifr.ch\/pascal.wagner\/wp-json\/wp\/v2\/types\/page"}],"author":[{"embeddable":true,"href":"https:\/\/perso.unifr.ch\/pascal.wagner\/wp-json\/wp\/v2\/users\/2"}],"replies":[{"embeddable":true,"href":"https:\/\/perso.unifr.ch\/pascal.wagner\/wp-json\/wp\/v2\/comments?post=512"}],"version-history":[{"count":83,"href":"https:\/\/perso.unifr.ch\/pascal.wagner\/wp-json\/wp\/v2\/pages\/512\/revisions"}],"predecessor-version":[{"id":1110,"href":"https:\/\/perso.unifr.ch\/pascal.wagner\/wp-json\/wp\/v2\/pages\/512\/revisions\/1110"}],"wp:attachment":[{"href":"https:\/\/perso.unifr.ch\/pascal.wagner\/wp-json\/wp\/v2\/media?parent=512"}],"curies":[{"name":"wp","href":"https:\/\/api.w.org\/{rel}","templated":true}]}}